{"id":2985,"date":"2024-09-19T12:10:06","date_gmt":"2024-09-19T16:10:06","guid":{"rendered":"https:\/\/mayralapaz.com\/?page_id=2985"},"modified":"2026-01-14T17:03:32","modified_gmt":"2026-01-14T21:03:32","slug":"que-pasa-rd","status":"publish","type":"page","link":"https:\/\/mayralapaz.com\/index.php\/que-pasa-rd\/","title":{"rendered":"\u00bfQu\u00e9 Pasa RD?"},"content":{"rendered":"\n<div class=\"wp-block-stackable-columns alignfull stk-block-columns stk-block stk-6bd5039\" data-block-id=\"6bd5039\"><style>.stk-6bd5039 {top:-100px !important;}<\/style><div class=\"stk-row stk-inner-blocks stk-block-content stk-content-align stk-6bd5039-column alignfull\">\n<div class=\"wp-block-stackable-column stk-block-column stk-column stk-block stk-38724f1\" data-v=\"4\" data-block-id=\"38724f1\"><style>@media screen and (min-width:690px){.stk-38724f1 {flex:var(--stk-flex-grow, 1) 1 calc(20% - var(--stk-column-gap, 0px) * 2 \/ 3 ) !important;}}<\/style><div class=\"stk-column-wrapper stk-block-column__content stk-container stk-38724f1-container stk--no-background stk--no-padding\"><div class=\"stk-block-content stk-inner-blocks stk-38724f1-inner-blocks\">\n<div class=\"wp-block-stackable-image stk-block-image stk-block stk-b03509a\" data-block-id=\"b03509a\"><figure><span class=\"stk-img-wrapper stk-image--shape-stretch\"><img fetchpriority=\"high\" decoding=\"async\" class=\"stk-img wp-image-5636\" src=\"http:\/\/mayralapaz.com\/wp-content\/uploads\/2026\/01\/Invitado-especial.jpg\" width=\"1080\" height=\"1080\" srcset=\"https:\/\/mayralapaz.com\/wp-content\/uploads\/2026\/01\/Invitado-especial.jpg 1080w, https:\/\/mayralapaz.com\/wp-content\/uploads\/2026\/01\/Invitado-especial-300x300.jpg 300w, https:\/\/mayralapaz.com\/wp-content\/uploads\/2026\/01\/Invitado-especial-1024x1024.jpg 1024w, https:\/\/mayralapaz.com\/wp-content\/uploads\/2026\/01\/Invitado-especial-250x250.jpg 250w, https:\/\/mayralapaz.com\/wp-content\/uploads\/2026\/01\/Invitado-especial-768x768.jpg 768w, https:\/\/mayralapaz.com\/wp-content\/uploads\/2026\/01\/Invitado-especial-500x500.jpg 500w, https:\/\/mayralapaz.com\/wp-content\/uploads\/2026\/01\/Invitado-especial-600x600.jpg 600w, https:\/\/mayralapaz.com\/wp-content\/uploads\/2026\/01\/Invitado-especial-100x100.jpg 100w\" sizes=\"(max-width: 1080px) 100vw, 1080px\" \/><\/span><\/figure><\/div>\n\n\n\n<div class=\"wp-block-stackable-image stk-block-image stk-block stk-8df93aa\" data-block-id=\"8df93aa\"><figure><span class=\"stk-img-wrapper stk-image--shape-stretch\"><img decoding=\"async\" class=\"stk-img wp-image-3235\" src=\"http:\/\/mayralapaz.com\/wp-content\/uploads\/2024\/10\/Dr.-Baez.png\" width=\"1728\" height=\"2304\" srcset=\"https:\/\/mayralapaz.com\/wp-content\/uploads\/2024\/10\/Dr.-Baez.png 1728w, https:\/\/mayralapaz.com\/wp-content\/uploads\/2024\/10\/Dr.-Baez-600x800.png 600w, https:\/\/mayralapaz.com\/wp-content\/uploads\/2024\/10\/Dr.-Baez-225x300.png 225w, https:\/\/mayralapaz.com\/wp-content\/uploads\/2024\/10\/Dr.-Baez-768x1024.png 768w, https:\/\/mayralapaz.com\/wp-content\/uploads\/2024\/10\/Dr.-Baez-1152x1536.png 1152w, https:\/\/mayralapaz.com\/wp-content\/uploads\/2024\/10\/Dr.-Baez-1536x2048.png 1536w\" sizes=\"(max-width: 1728px) 100vw, 1728px\" \/><\/span><\/figure><\/div>\n\n\n\n<div class=\"wp-block-stackable-image stk-block-image stk-block stk-78d596e\" data-block-id=\"78d596e\"><figure><span class=\"stk-img-wrapper stk-image--shape-stretch\"><img decoding=\"async\" class=\"stk-img wp-image-3260\" src=\"http:\/\/mayralapaz.com\/wp-content\/uploads\/2024\/10\/AD-new-pastora-Jaqueline-Rodriguez.png\" width=\"2000\" height=\"1125\" srcset=\"https:\/\/mayralapaz.com\/wp-content\/uploads\/2024\/10\/AD-new-pastora-Jaqueline-Rodriguez.png 2000w, https:\/\/mayralapaz.com\/wp-content\/uploads\/2024\/10\/AD-new-pastora-Jaqueline-Rodriguez-600x338.png 600w, https:\/\/mayralapaz.com\/wp-content\/uploads\/2024\/10\/AD-new-pastora-Jaqueline-Rodriguez-300x169.png 300w, https:\/\/mayralapaz.com\/wp-content\/uploads\/2024\/10\/AD-new-pastora-Jaqueline-Rodriguez-1024x576.png 1024w, https:\/\/mayralapaz.com\/wp-content\/uploads\/2024\/10\/AD-new-pastora-Jaqueline-Rodriguez-768x432.png 768w, https:\/\/mayralapaz.com\/wp-content\/uploads\/2024\/10\/AD-new-pastora-Jaqueline-Rodriguez-1536x864.png 1536w\" sizes=\"(max-width: 2000px) 100vw, 2000px\" \/><\/span><\/figure><\/div>\n\n\n\n<div class=\"wp-block-stackable-image stk-block-image stk-block stk-5d58980\" data-block-id=\"5d58980\"><figure><span class=\"stk-img-wrapper stk-image--shape-stretch\"><img loading=\"lazy\" decoding=\"async\" class=\"stk-img wp-image-3240\" src=\"http:\/\/mayralapaz.com\/wp-content\/uploads\/2024\/10\/Sinai-tax-Services-AD.jpg\" width=\"1024\" height=\"1024\" srcset=\"https:\/\/mayralapaz.com\/wp-content\/uploads\/2024\/10\/Sinai-tax-Services-AD.jpg 1024w, https:\/\/mayralapaz.com\/wp-content\/uploads\/2024\/10\/Sinai-tax-Services-AD-300x300.jpg 300w, https:\/\/mayralapaz.com\/wp-content\/uploads\/2024\/10\/Sinai-tax-Services-AD-100x100.jpg 100w, https:\/\/mayralapaz.com\/wp-content\/uploads\/2024\/10\/Sinai-tax-Services-AD-600x600.jpg 600w, https:\/\/mayralapaz.com\/wp-content\/uploads\/2024\/10\/Sinai-tax-Services-AD-500x500.jpg 500w, https:\/\/mayralapaz.com\/wp-content\/uploads\/2024\/10\/Sinai-tax-Services-AD-150x150.jpg 150w, https:\/\/mayralapaz.com\/wp-content\/uploads\/2024\/10\/Sinai-tax-Services-AD-768x768.jpg 768w\" sizes=\"(max-width: 1024px) 100vw, 1024px\" \/><\/span><\/figure><\/div>\n\n\n\n<div class=\"wp-block-stackable-image stk-block-image stk-block stk-15481cf\" data-block-id=\"15481cf\"><figure><span class=\"stk-img-wrapper stk-image--shape-stretch\"><img loading=\"lazy\" decoding=\"async\" class=\"stk-img wp-image-3265\" src=\"http:\/\/mayralapaz.com\/wp-content\/uploads\/2024\/10\/Targeta-personales-pastores-soto.png\" width=\"1050\" height=\"600\" srcset=\"https:\/\/mayralapaz.com\/wp-content\/uploads\/2024\/10\/Targeta-personales-pastores-soto.png 1050w, https:\/\/mayralapaz.com\/wp-content\/uploads\/2024\/10\/Targeta-personales-pastores-soto-600x343.png 600w, https:\/\/mayralapaz.com\/wp-content\/uploads\/2024\/10\/Targeta-personales-pastores-soto-300x171.png 300w, https:\/\/mayralapaz.com\/wp-content\/uploads\/2024\/10\/Targeta-personales-pastores-soto-1024x585.png 1024w, https:\/\/mayralapaz.com\/wp-content\/uploads\/2024\/10\/Targeta-personales-pastores-soto-768x439.png 768w\" sizes=\"(max-width: 1050px) 100vw, 1050px\" \/><\/span><\/figure><\/div>\n\n\n\n<div class=\"wp-block-stackable-image stk-block-image stk-block stk-5a9e5d7\" data-block-id=\"5a9e5d7\"><figure><span class=\"stk-img-wrapper stk-image--shape-stretch\"><img loading=\"lazy\" decoding=\"async\" class=\"stk-img wp-image-3266\" src=\"http:\/\/mayralapaz.com\/wp-content\/uploads\/2024\/10\/Targeta-personales-de-Noila-Lopez.png\" width=\"1050\" height=\"600\" srcset=\"https:\/\/mayralapaz.com\/wp-content\/uploads\/2024\/10\/Targeta-personales-de-Noila-Lopez.png 1050w, https:\/\/mayralapaz.com\/wp-content\/uploads\/2024\/10\/Targeta-personales-de-Noila-Lopez-600x343.png 600w, https:\/\/mayralapaz.com\/wp-content\/uploads\/2024\/10\/Targeta-personales-de-Noila-Lopez-300x171.png 300w, https:\/\/mayralapaz.com\/wp-content\/uploads\/2024\/10\/Targeta-personales-de-Noila-Lopez-1024x585.png 1024w, https:\/\/mayralapaz.com\/wp-content\/uploads\/2024\/10\/Targeta-personales-de-Noila-Lopez-768x439.png 768w\" sizes=\"(max-width: 1050px) 100vw, 1050px\" \/><\/span><\/figure><\/div>\n\n\n\n<div class=\"wp-block-stackable-image stk-block-image stk-block stk-dc1dd54\" data-block-id=\"dc1dd54\"><figure><span class=\"stk-img-wrapper stk-image--shape-stretch\"><img loading=\"lazy\" decoding=\"async\" class=\"stk-img wp-image-3299\" src=\"http:\/\/mayralapaz.com\/wp-content\/uploads\/2024\/10\/Latino-Family-Salon-Luisa-Javier.jpg\" width=\"1280\" height=\"720\" srcset=\"https:\/\/mayralapaz.com\/wp-content\/uploads\/2024\/10\/Latino-Family-Salon-Luisa-Javier.jpg 1280w, https:\/\/mayralapaz.com\/wp-content\/uploads\/2024\/10\/Latino-Family-Salon-Luisa-Javier-600x338.jpg 600w, https:\/\/mayralapaz.com\/wp-content\/uploads\/2024\/10\/Latino-Family-Salon-Luisa-Javier-300x169.jpg 300w, https:\/\/mayralapaz.com\/wp-content\/uploads\/2024\/10\/Latino-Family-Salon-Luisa-Javier-1024x576.jpg 1024w, https:\/\/mayralapaz.com\/wp-content\/uploads\/2024\/10\/Latino-Family-Salon-Luisa-Javier-768x432.jpg 768w\" sizes=\"(max-width: 1280px) 100vw, 1280px\" \/><\/span><\/figure><\/div>\n\n\n\n<div class=\"wp-block-stackable-image stk-block-image stk-block stk-d9aad0d\" data-block-id=\"d9aad0d\"><figure><span class=\"stk-img-wrapper stk-image--shape-stretch\"><img loading=\"lazy\" decoding=\"async\" class=\"stk-img wp-image-4619\" src=\"http:\/\/mayralapaz.com\/wp-content\/uploads\/2024\/11\/AD-MARIA.jpg\" width=\"1200\" height=\"660\" srcset=\"https:\/\/mayralapaz.com\/wp-content\/uploads\/2024\/11\/AD-MARIA.jpg 1200w, https:\/\/mayralapaz.com\/wp-content\/uploads\/2024\/11\/AD-MARIA-300x165.jpg 300w, https:\/\/mayralapaz.com\/wp-content\/uploads\/2024\/11\/AD-MARIA-1024x563.jpg 1024w, https:\/\/mayralapaz.com\/wp-content\/uploads\/2024\/11\/AD-MARIA-768x422.jpg 768w, https:\/\/mayralapaz.com\/wp-content\/uploads\/2024\/11\/AD-MARIA-600x330.jpg 600w\" sizes=\"(max-width: 1200px) 100vw, 1200px\" \/><\/span><\/figure><\/div>\n\n\n\n<div class=\"wp-block-stackable-image stk-block-image stk-block stk-2b28dc2\" data-block-id=\"2b28dc2\"><figure><span class=\"stk-img-wrapper stk-image--shape-stretch\"><img loading=\"lazy\" decoding=\"async\" class=\"stk-img wp-image-4615\" src=\"http:\/\/mayralapaz.com\/wp-content\/uploads\/2024\/11\/AD.-FUNEVAD.jpg\" width=\"960\" height=\"1200\" srcset=\"https:\/\/mayralapaz.com\/wp-content\/uploads\/2024\/11\/AD.-FUNEVAD.jpg 960w, https:\/\/mayralapaz.com\/wp-content\/uploads\/2024\/11\/AD.-FUNEVAD-240x300.jpg 240w, https:\/\/mayralapaz.com\/wp-content\/uploads\/2024\/11\/AD.-FUNEVAD-819x1024.jpg 819w, https:\/\/mayralapaz.com\/wp-content\/uploads\/2024\/11\/AD.-FUNEVAD-768x960.jpg 768w, https:\/\/mayralapaz.com\/wp-content\/uploads\/2024\/11\/AD.-FUNEVAD-600x750.jpg 600w\" sizes=\"(max-width: 960px) 100vw, 960px\" \/><\/span><\/figure><\/div>\n<\/div><\/div><\/div>\n\n\n\n<div class=\"wp-block-stackable-column stk-block-column stk-column stk-block stk-b60bb1a\" data-v=\"4\" data-block-id=\"b60bb1a\"><style>@media screen and (min-width:690px){.stk-b60bb1a {flex:var(--stk-flex-grow, 1) 1 calc(60% - var(--stk-column-gap, 0px) * 2 \/ 3 ) !important;}}<\/style><div class=\"stk-column-wrapper stk-block-column__content stk-container stk-b60bb1a-container stk--no-background stk--no-padding\"><div class=\"has-text-align-left stk-block-content stk-inner-blocks stk-b60bb1a-inner-blocks\">\n<div class=\"wp-block-stackable-posts stk-block-posts stk-block stk-4baa105 is-style-default\" data-v=\"2\" data-block-id=\"4baa105\"><style>.stk-4baa105 .stk-img-wrapper{width:100% !important;}<\/style><div class=\"stk-inner-blocks stk-content-align stk-4baa105-column\"><div class=\"stk-block-posts__items\"><div class=\"stk-block-posts__item\"><div class=\"stk-container stk-4baa105-container stk--no-background stk--no-padding\"><article><h5 class=\"stk-block-posts__title\"><a href='https:\/\/mayralapaz.com\/index.php\/2025\/06\/27\/continuan-dialogo-sobre-crisis-de-haiti\/'>Continuan di\u00e1logo sobre crisis de Hait\u00ed<\/a><\/h5><a href=\"https:\/\/mayralapaz.com\/index.php\/2025\/06\/27\/continuan-dialogo-sobre-crisis-de-haiti\/\" class=\"stk-block-posts__image-link\"><figure class=\"stk-img-wrapper stk-image--shape-stretch\"><img loading=\"lazy\" decoding=\"async\" width=\"1200\" height=\"800\" src=\"https:\/\/mayralapaz.com\/wp-content\/uploads\/2025\/06\/abinader-y-danilo.jpeg\" class=\"attachment-full size-full wp-post-image\" alt=\"\" srcset=\"https:\/\/mayralapaz.com\/wp-content\/uploads\/2025\/06\/abinader-y-danilo.jpeg 1200w, https:\/\/mayralapaz.com\/wp-content\/uploads\/2025\/06\/abinader-y-danilo-300x200.jpeg 300w, https:\/\/mayralapaz.com\/wp-content\/uploads\/2025\/06\/abinader-y-danilo-1024x683.jpeg 1024w, https:\/\/mayralapaz.com\/wp-content\/uploads\/2025\/06\/abinader-y-danilo-768x512.jpeg 768w, https:\/\/mayralapaz.com\/wp-content\/uploads\/2025\/06\/abinader-y-danilo-600x400.jpeg 600w\" sizes=\"(max-width: 1200px) 100vw, 1200px\" \/><\/figure><\/a><div class=\"stk-block-posts__meta stk-subtitle\"><span>Por la Redacci\u00f3n<\/span><span class=\"stk-block-posts__meta-sep\">\u00b7<\/span><time datetime=\"2025-06-27T13:44:39-04:00\">27\/06\/2025<\/time><span class=\"stk-block-posts__meta-sep\">\u00b7<\/span><span>0 comentarios<\/span><\/div><div class=\"stk-block-posts__excerpt\">excerpt<\/div><a class=\"stk-block-posts__readmore\" href=\"https:\/\/mayralapaz.com\/index.php\/2025\/06\/27\/continuan-dialogo-sobre-crisis-de-haiti\/\">M\u00e1s Informaci\u00f3n<\/a><\/article><\/div><\/div><div class=\"stk-block-posts__item\"><div class=\"stk-container stk-4baa105-container stk--no-background stk--no-padding\"><article><h5 class=\"stk-block-posts__title\"><a href='https:\/\/mayralapaz.com\/index.php\/2025\/06\/27\/consejo-de-ministros-aprueba-la-politica-presupuestaria-de-2026\/'>Consejo de Ministros aprueba la pol\u00edtica presupuestaria de 2026<\/a><\/h5><a href=\"https:\/\/mayralapaz.com\/index.php\/2025\/06\/27\/consejo-de-ministros-aprueba-la-politica-presupuestaria-de-2026\/\" class=\"stk-block-posts__image-link\"><figure class=\"stk-img-wrapper stk-image--shape-stretch\"><img loading=\"lazy\" decoding=\"async\" width=\"1200\" height=\"800\" src=\"https:\/\/mayralapaz.com\/wp-content\/uploads\/2025\/06\/Consejo-de-Gobierno-scaled-1.jpg\" class=\"attachment-full size-full wp-post-image\" alt=\"\" srcset=\"https:\/\/mayralapaz.com\/wp-content\/uploads\/2025\/06\/Consejo-de-Gobierno-scaled-1.jpg 1200w, https:\/\/mayralapaz.com\/wp-content\/uploads\/2025\/06\/Consejo-de-Gobierno-scaled-1-300x200.jpg 300w, https:\/\/mayralapaz.com\/wp-content\/uploads\/2025\/06\/Consejo-de-Gobierno-scaled-1-1024x683.jpg 1024w, https:\/\/mayralapaz.com\/wp-content\/uploads\/2025\/06\/Consejo-de-Gobierno-scaled-1-768x512.jpg 768w, https:\/\/mayralapaz.com\/wp-content\/uploads\/2025\/06\/Consejo-de-Gobierno-scaled-1-600x400.jpg 600w\" sizes=\"(max-width: 1200px) 100vw, 1200px\" \/><\/figure><\/a><div class=\"stk-block-posts__meta stk-subtitle\"><span>Por la Redacci\u00f3n<\/span><span class=\"stk-block-posts__meta-sep\">\u00b7<\/span><time datetime=\"2025-06-27T13:42:20-04:00\">27\/06\/2025<\/time><span class=\"stk-block-posts__meta-sep\">\u00b7<\/span><span>0 comentarios<\/span><\/div><div class=\"stk-block-posts__excerpt\">excerpt<\/div><a class=\"stk-block-posts__readmore\" href=\"https:\/\/mayralapaz.com\/index.php\/2025\/06\/27\/consejo-de-ministros-aprueba-la-politica-presupuestaria-de-2026\/\">M\u00e1s Informaci\u00f3n<\/a><\/article><\/div><\/div><div class=\"stk-block-posts__item\"><div class=\"stk-container stk-4baa105-container stk--no-background stk--no-padding\"><article><h5 class=\"stk-block-posts__title\"><a href='https:\/\/mayralapaz.com\/index.php\/2025\/06\/27\/presidente-scj-rd-expone-en-foro-mundial-de-justicia-en-polonia\/'>Presidente SCJ RD expone en Foro Mundial de Justicia en POLONIA<\/a><\/h5><a href=\"https:\/\/mayralapaz.com\/index.php\/2025\/06\/27\/presidente-scj-rd-expone-en-foro-mundial-de-justicia-en-polonia\/\" class=\"stk-block-posts__image-link\"><\/a><div class=\"stk-block-posts__meta stk-subtitle\"><span>Por la Redacci\u00f3n<\/span><span class=\"stk-block-posts__meta-sep\">\u00b7<\/span><time datetime=\"2025-06-27T13:38:33-04:00\">27\/06\/2025<\/time><span class=\"stk-block-posts__meta-sep\">\u00b7<\/span><span>0 comentarios<\/span><\/div><div class=\"stk-block-posts__excerpt\">excerpt<\/div><a class=\"stk-block-posts__readmore\" href=\"https:\/\/mayralapaz.com\/index.php\/2025\/06\/27\/presidente-scj-rd-expone-en-foro-mundial-de-justicia-en-polonia\/\">M\u00e1s Informaci\u00f3n<\/a><\/article><\/div><\/div><div class=\"stk-block-posts__item\"><div class=\"stk-container stk-4baa105-container stk--no-background stk--no-padding\"><article><h5 class=\"stk-block-posts__title\"><a href='https:\/\/mayralapaz.com\/index.php\/2025\/06\/27\/informan-economia-dominicana-registra-crecimiento-del-31-en-mayo\/'>Informan econom\u00eda dominicana registra crecimiento del 3,1 % en mayo<\/a><\/h5><a href=\"https:\/\/mayralapaz.com\/index.php\/2025\/06\/27\/informan-economia-dominicana-registra-crecimiento-del-31-en-mayo\/\" class=\"stk-block-posts__image-link\"><figure class=\"stk-img-wrapper stk-image--shape-stretch\"><img loading=\"lazy\" decoding=\"async\" width=\"676\" height=\"488\" src=\"https:\/\/mayralapaz.com\/wp-content\/uploads\/2025\/06\/registra.jpg\" class=\"attachment-full size-full wp-post-image\" alt=\"\" srcset=\"https:\/\/mayralapaz.com\/wp-content\/uploads\/2025\/06\/registra.jpg 676w, https:\/\/mayralapaz.com\/wp-content\/uploads\/2025\/06\/registra-300x217.jpg 300w, https:\/\/mayralapaz.com\/wp-content\/uploads\/2025\/06\/registra-600x433.jpg 600w\" sizes=\"(max-width: 676px) 100vw, 676px\" \/><\/figure><\/a><div class=\"stk-block-posts__meta stk-subtitle\"><span>Por la Redacci\u00f3n<\/span><span class=\"stk-block-posts__meta-sep\">\u00b7<\/span><time datetime=\"2025-06-27T12:59:15-04:00\">27\/06\/2025<\/time><span class=\"stk-block-posts__meta-sep\">\u00b7<\/span><span>0 comentarios<\/span><\/div><div class=\"stk-block-posts__excerpt\">excerpt<\/div><a class=\"stk-block-posts__readmore\" href=\"https:\/\/mayralapaz.com\/index.php\/2025\/06\/27\/informan-economia-dominicana-registra-crecimiento-del-31-en-mayo\/\">M\u00e1s Informaci\u00f3n<\/a><\/article><\/div><\/div><div class=\"stk-block-posts__item\"><div class=\"stk-container stk-4baa105-container stk--no-background stk--no-padding\"><article><h5 class=\"stk-block-posts__title\"><a href='https:\/\/mayralapaz.com\/index.php\/2025\/04\/03\/rd-en-posicion-ventajosa-entre-afectados-por-aranceles\/'>RD en \u00abposici\u00f3n ventajosa\u00bb entre afectados por aranceles<\/a><\/h5><a href=\"https:\/\/mayralapaz.com\/index.php\/2025\/04\/03\/rd-en-posicion-ventajosa-entre-afectados-por-aranceles\/\" class=\"stk-block-posts__image-link\"><figure class=\"stk-img-wrapper stk-image--shape-stretch\"><img loading=\"lazy\" decoding=\"async\" width=\"1173\" height=\"724\" src=\"https:\/\/mayralapaz.com\/wp-content\/uploads\/2025\/04\/Pte-abinader.jpg\" class=\"attachment-full size-full wp-post-image\" alt=\"\" srcset=\"https:\/\/mayralapaz.com\/wp-content\/uploads\/2025\/04\/Pte-abinader.jpg 1173w, https:\/\/mayralapaz.com\/wp-content\/uploads\/2025\/04\/Pte-abinader-300x185.jpg 300w, https:\/\/mayralapaz.com\/wp-content\/uploads\/2025\/04\/Pte-abinader-1024x632.jpg 1024w, https:\/\/mayralapaz.com\/wp-content\/uploads\/2025\/04\/Pte-abinader-768x474.jpg 768w, https:\/\/mayralapaz.com\/wp-content\/uploads\/2025\/04\/Pte-abinader-600x370.jpg 600w\" sizes=\"(max-width: 1173px) 100vw, 1173px\" \/><\/figure><\/a><div class=\"stk-block-posts__meta stk-subtitle\"><span>Por la Redacci\u00f3n<\/span><span class=\"stk-block-posts__meta-sep\">\u00b7<\/span><time datetime=\"2025-04-03T13:52:28-04:00\">03\/04\/2025<\/time><span class=\"stk-block-posts__meta-sep\">\u00b7<\/span><span>0 comentarios<\/span><\/div><div class=\"stk-block-posts__excerpt\">excerpt<\/div><a class=\"stk-block-posts__readmore\" href=\"https:\/\/mayralapaz.com\/index.php\/2025\/04\/03\/rd-en-posicion-ventajosa-entre-afectados-por-aranceles\/\">M\u00e1s Informaci\u00f3n<\/a><\/article><\/div><\/div><div class=\"stk-block-posts__item\"><div class=\"stk-container stk-4baa105-container stk--no-background stk--no-padding\"><article><h5 class=\"stk-block-posts__title\"><a href='https:\/\/mayralapaz.com\/index.php\/2025\/04\/03\/seguros-reservas-inaugura-nueva-oficina-en-la-vega\/'>Seguros Reservas inaugura nueva oficina en La Vega<\/a><\/h5><a href=\"https:\/\/mayralapaz.com\/index.php\/2025\/04\/03\/seguros-reservas-inaugura-nueva-oficina-en-la-vega\/\" class=\"stk-block-posts__image-link\"><figure class=\"stk-img-wrapper stk-image--shape-stretch\"><img loading=\"lazy\" decoding=\"async\" width=\"1084\" height=\"783\" src=\"https:\/\/mayralapaz.com\/wp-content\/uploads\/2025\/04\/Inauguracion-sucursal-de-La-Vega-Seguros-Reservas-2025.jpg\" class=\"attachment-full size-full wp-post-image\" alt=\"\" srcset=\"https:\/\/mayralapaz.com\/wp-content\/uploads\/2025\/04\/Inauguracion-sucursal-de-La-Vega-Seguros-Reservas-2025.jpg 1084w, https:\/\/mayralapaz.com\/wp-content\/uploads\/2025\/04\/Inauguracion-sucursal-de-La-Vega-Seguros-Reservas-2025-300x217.jpg 300w, https:\/\/mayralapaz.com\/wp-content\/uploads\/2025\/04\/Inauguracion-sucursal-de-La-Vega-Seguros-Reservas-2025-1024x740.jpg 1024w, https:\/\/mayralapaz.com\/wp-content\/uploads\/2025\/04\/Inauguracion-sucursal-de-La-Vega-Seguros-Reservas-2025-768x555.jpg 768w, https:\/\/mayralapaz.com\/wp-content\/uploads\/2025\/04\/Inauguracion-sucursal-de-La-Vega-Seguros-Reservas-2025-600x433.jpg 600w\" sizes=\"(max-width: 1084px) 100vw, 1084px\" \/><\/figure><\/a><div class=\"stk-block-posts__meta stk-subtitle\"><span>Por la Redacci\u00f3n<\/span><span class=\"stk-block-posts__meta-sep\">\u00b7<\/span><time datetime=\"2025-04-03T12:01:15-04:00\">03\/04\/2025<\/time><span class=\"stk-block-posts__meta-sep\">\u00b7<\/span><span>0 comentarios<\/span><\/div><div class=\"stk-block-posts__excerpt\">excerpt<\/div><a class=\"stk-block-posts__readmore\" href=\"https:\/\/mayralapaz.com\/index.php\/2025\/04\/03\/seguros-reservas-inaugura-nueva-oficina-en-la-vega\/\">M\u00e1s Informaci\u00f3n<\/a><\/article><\/div><\/div><\/div><div class=\"stk-inner-blocks\"><\/div><\/div><\/div>\n<\/div><\/div><\/div>\n\n\n\n<div class=\"wp-block-stackable-column stk-block-column stk-column stk-block stk-38a9ebb\" data-v=\"4\" data-block-id=\"38a9ebb\"><style>@media screen and (min-width:690px){.stk-38a9ebb {flex:var(--stk-flex-grow, 1) 1 calc(20% - var(--stk-column-gap, 0px) * 2 \/ 3 ) !important;}}<\/style><div class=\"stk-column-wrapper stk-block-column__content stk-container stk-38a9ebb-container stk--no-background stk--no-padding\"><div class=\"has-text-align-left stk-block-content stk-inner-blocks stk-38a9ebb-inner-blocks\">\n<div class=\"wp-block-stackable-image stk-block-image stk-block stk-cadf746\" data-block-id=\"cadf746\"><figure><span class=\"stk-img-wrapper stk-image--shape-stretch\"><img loading=\"lazy\" decoding=\"async\" class=\"stk-img wp-image-3247\" src=\"http:\/\/mayralapaz.com\/wp-content\/uploads\/2024\/10\/AD-new-seguros-jc.png\" width=\"2000\" height=\"1125\" srcset=\"https:\/\/mayralapaz.com\/wp-content\/uploads\/2024\/10\/AD-new-seguros-jc.png 2000w, https:\/\/mayralapaz.com\/wp-content\/uploads\/2024\/10\/AD-new-seguros-jc-600x338.png 600w, https:\/\/mayralapaz.com\/wp-content\/uploads\/2024\/10\/AD-new-seguros-jc-300x169.png 300w, https:\/\/mayralapaz.com\/wp-content\/uploads\/2024\/10\/AD-new-seguros-jc-1024x576.png 1024w, https:\/\/mayralapaz.com\/wp-content\/uploads\/2024\/10\/AD-new-seguros-jc-768x432.png 768w, https:\/\/mayralapaz.com\/wp-content\/uploads\/2024\/10\/AD-new-seguros-jc-1536x864.png 1536w\" sizes=\"(max-width: 2000px) 100vw, 2000px\" \/><\/span><\/figure><\/div>\n\n\n\n<div class=\"wp-block-stackable-image stk-block-image stk-block stk-19c390c\" data-block-id=\"19c390c\"><figure><span class=\"stk-img-wrapper stk-image--shape-stretch\"><img loading=\"lazy\" decoding=\"async\" class=\"stk-img wp-image-3262\" src=\"http:\/\/mayralapaz.com\/wp-content\/uploads\/2024\/10\/Ad.-D-mujer-intima.jpg\" width=\"960\" height=\"540\" srcset=\"https:\/\/mayralapaz.com\/wp-content\/uploads\/2024\/10\/Ad.-D-mujer-intima.jpg 960w, https:\/\/mayralapaz.com\/wp-content\/uploads\/2024\/10\/Ad.-D-mujer-intima-600x338.jpg 600w, https:\/\/mayralapaz.com\/wp-content\/uploads\/2024\/10\/Ad.-D-mujer-intima-300x169.jpg 300w, https:\/\/mayralapaz.com\/wp-content\/uploads\/2024\/10\/Ad.-D-mujer-intima-768x432.jpg 768w\" sizes=\"(max-width: 960px) 100vw, 960px\" \/><\/span><\/figure><\/div>\n\n\n\n<div class=\"wp-block-stackable-image stk-block-image stk-block stk-5b0c394\" data-block-id=\"5b0c394\"><figure><span class=\"stk-img-wrapper stk-image--shape-stretch\"><img loading=\"lazy\" decoding=\"async\" class=\"stk-img wp-image-3263\" src=\"http:\/\/mayralapaz.com\/wp-content\/uploads\/2024\/10\/The-Master-Flyer-Septiembre-media-pagina-1.jpg\" width=\"2550\" height=\"1650\" srcset=\"https:\/\/mayralapaz.com\/wp-content\/uploads\/2024\/10\/The-Master-Flyer-Septiembre-media-pagina-1.jpg 2550w, https:\/\/mayralapaz.com\/wp-content\/uploads\/2024\/10\/The-Master-Flyer-Septiembre-media-pagina-1-600x388.jpg 600w, https:\/\/mayralapaz.com\/wp-content\/uploads\/2024\/10\/The-Master-Flyer-Septiembre-media-pagina-1-300x194.jpg 300w, https:\/\/mayralapaz.com\/wp-content\/uploads\/2024\/10\/The-Master-Flyer-Septiembre-media-pagina-1-1024x663.jpg 1024w, https:\/\/mayralapaz.com\/wp-content\/uploads\/2024\/10\/The-Master-Flyer-Septiembre-media-pagina-1-768x497.jpg 768w, https:\/\/mayralapaz.com\/wp-content\/uploads\/2024\/10\/The-Master-Flyer-Septiembre-media-pagina-1-1536x994.jpg 1536w, https:\/\/mayralapaz.com\/wp-content\/uploads\/2024\/10\/The-Master-Flyer-Septiembre-media-pagina-1-2048x1325.jpg 2048w\" sizes=\"(max-width: 2550px) 100vw, 2550px\" \/><\/span><\/figure><\/div>\n\n\n\n<div class=\"wp-block-stackable-image stk-block-image stk-block stk-6d2602f\" data-block-id=\"6d2602f\"><figure><span class=\"stk-img-wrapper stk-image--shape-stretch\"><img loading=\"lazy\" decoding=\"async\" class=\"stk-img wp-image-3264\" src=\"http:\/\/mayralapaz.com\/wp-content\/uploads\/2024\/10\/AD.-Francia-Liriano.jpg\" width=\"792\" height=\"612\" srcset=\"https:\/\/mayralapaz.com\/wp-content\/uploads\/2024\/10\/AD.-Francia-Liriano.jpg 792w, https:\/\/mayralapaz.com\/wp-content\/uploads\/2024\/10\/AD.-Francia-Liriano-600x464.jpg 600w, https:\/\/mayralapaz.com\/wp-content\/uploads\/2024\/10\/AD.-Francia-Liriano-300x232.jpg 300w, https:\/\/mayralapaz.com\/wp-content\/uploads\/2024\/10\/AD.-Francia-Liriano-768x593.jpg 768w\" sizes=\"(max-width: 792px) 100vw, 792px\" \/><\/span><\/figure><\/div>\n\n\n\n<div class=\"wp-block-stackable-image stk-block-image stk-block stk-afc4a2e\" data-block-id=\"afc4a2e\"><figure><span class=\"stk-img-wrapper stk-image--shape-stretch\"><img loading=\"lazy\" decoding=\"async\" class=\"stk-img wp-image-3298\" src=\"http:\/\/mayralapaz.com\/wp-content\/uploads\/2024\/10\/Atlas-insurance-AD.jpg\" width=\"2048\" height=\"1267\" srcset=\"https:\/\/mayralapaz.com\/wp-content\/uploads\/2024\/10\/Atlas-insurance-AD.jpg 2048w, https:\/\/mayralapaz.com\/wp-content\/uploads\/2024\/10\/Atlas-insurance-AD-600x371.jpg 600w, https:\/\/mayralapaz.com\/wp-content\/uploads\/2024\/10\/Atlas-insurance-AD-300x186.jpg 300w, https:\/\/mayralapaz.com\/wp-content\/uploads\/2024\/10\/Atlas-insurance-AD-1024x634.jpg 1024w, https:\/\/mayralapaz.com\/wp-content\/uploads\/2024\/10\/Atlas-insurance-AD-768x475.jpg 768w, https:\/\/mayralapaz.com\/wp-content\/uploads\/2024\/10\/Atlas-insurance-AD-1536x950.jpg 1536w\" sizes=\"(max-width: 2048px) 100vw, 2048px\" \/><\/span><\/figure><\/div>\n\n\n\n<div class=\"wp-block-stackable-image stk-block-image stk-block stk-c63a307\" data-block-id=\"c63a307\"><figure><span class=\"stk-img-wrapper stk-image--shape-stretch\"><img loading=\"lazy\" decoding=\"async\" class=\"stk-img wp-image-3297\" src=\"http:\/\/mayralapaz.com\/wp-content\/uploads\/2024\/10\/AD.-Don-Julio.jpg\" width=\"2000\" height=\"1338\" srcset=\"https:\/\/mayralapaz.com\/wp-content\/uploads\/2024\/10\/AD.-Don-Julio.jpg 2000w, https:\/\/mayralapaz.com\/wp-content\/uploads\/2024\/10\/AD.-Don-Julio-600x401.jpg 600w, https:\/\/mayralapaz.com\/wp-content\/uploads\/2024\/10\/AD.-Don-Julio-300x201.jpg 300w, https:\/\/mayralapaz.com\/wp-content\/uploads\/2024\/10\/AD.-Don-Julio-1024x685.jpg 1024w, https:\/\/mayralapaz.com\/wp-content\/uploads\/2024\/10\/AD.-Don-Julio-768x514.jpg 768w, https:\/\/mayralapaz.com\/wp-content\/uploads\/2024\/10\/AD.-Don-Julio-1536x1028.jpg 1536w\" sizes=\"(max-width: 2000px) 100vw, 2000px\" \/><\/span><\/figure><\/div>\n\n\n\n<div class=\"wp-block-stackable-image stk-block-image stk-block stk-be663bd\" data-block-id=\"be663bd\"><figure><span class=\"stk-img-wrapper stk-image--shape-stretch\"><img loading=\"lazy\" decoding=\"async\" class=\"stk-img wp-image-4618\" src=\"http:\/\/mayralapaz.com\/wp-content\/uploads\/2024\/11\/AD_SASQui-Neail.jpg\" width=\"484\" height=\"960\" srcset=\"https:\/\/mayralapaz.com\/wp-content\/uploads\/2024\/11\/AD_SASQui-Neail.jpg 484w, https:\/\/mayralapaz.com\/wp-content\/uploads\/2024\/11\/AD_SASQui-Neail-151x300.jpg 151w\" sizes=\"(max-width: 484px) 100vw, 484px\" \/><\/span><\/figure><\/div>\n\n\n\n<div class=\"wp-block-stackable-image stk-block-image stk-block stk-2598af0\" data-block-id=\"2598af0\"><figure><span class=\"stk-img-wrapper stk-image--shape-stretch\"><img loading=\"lazy\" decoding=\"async\" class=\"stk-img wp-image-5634\" src=\"http:\/\/mayralapaz.com\/wp-content\/uploads\/2026\/01\/Diseno-sin-titulo-1.jpg\" width=\"1200\" height=\"800\" srcset=\"https:\/\/mayralapaz.com\/wp-content\/uploads\/2026\/01\/Diseno-sin-titulo-1.jpg 1200w, https:\/\/mayralapaz.com\/wp-content\/uploads\/2026\/01\/Diseno-sin-titulo-1-300x200.jpg 300w, https:\/\/mayralapaz.com\/wp-content\/uploads\/2026\/01\/Diseno-sin-titulo-1-1024x683.jpg 1024w, https:\/\/mayralapaz.com\/wp-content\/uploads\/2026\/01\/Diseno-sin-titulo-1-768x512.jpg 768w, https:\/\/mayralapaz.com\/wp-content\/uploads\/2026\/01\/Diseno-sin-titulo-1-600x400.jpg 600w\" sizes=\"(max-width: 1200px) 100vw, 1200px\" \/><\/span><\/figure><\/div>\n<\/div><\/div><\/div>\n<\/div><\/div>\n\n\n\n<p><\/p>\n","protected":false},"excerpt":{"rendered":"excerpt","protected":false},"author":1,"featured_media":0,"parent":0,"menu_order":0,"comment_status":"closed","ping_status":"closed","template":"","meta":{"_uag_custom_page_level_css":"","episode_type":"","audio_file":"","podmotor_file_id":"","podmotor_episode_id":"","cover_image":"","cover_image_id":"","duration":"","filesize":"","filesize_raw":"","date_recorded":"","explicit":"","block":"","itunes_episode_number":"","itunes_title":"","itunes_season_number":"","itunes_episode_type":"","_jet_sm_ready_style":"","_jet_sm_style":"","_jet_sm_controls_values":"","_jet_sm_fonts_collection":"","_jet_sm_fonts_links":"","_joinchat":[],"footnotes":""},"class_list":["post-2985","page","type-page","status-publish","hentry"],"blocksy_meta":[],"uagb_featured_image_src":{"full":false,"thumbnail":false,"medium":false,"medium_large":false,"large":false,"1536x1536":false,"2048x2048":false,"woocommerce_archive_thumbnail":false,"woocommerce_thumbnail":false,"woocommerce_single":false,"woocommerce_gallery_thumbnail":false},"uagb_author_info":{"display_name":"mayralapaz.com","author_link":"https:\/\/mayralapaz.com\/index.php\/author\/mayralapaz-com\/"},"uagb_comment_info":0,"uagb_excerpt":"Continuan di\u00e1logo sobre crisis de Hait\u00ed Por la Redacci\u00f3n\u00b727\/06\/2025\u00b70 comentarios excerpt M\u00e1s Informaci\u00f3n Consejo de Ministros aprueba la pol\u00edtica presupuestaria de 2026 Por la Redacci\u00f3n\u00b727\/06\/2025\u00b70 comentarios excerpt M\u00e1s Informaci\u00f3n Presidente SCJ RD expone en Foro Mundial de Justicia en POLONIA Por la Redacci\u00f3n\u00b727\/06\/2025\u00b70 comentarios excerpt M\u00e1s Informaci\u00f3n Informan econom\u00eda dominicana registra crecimiento del 3,1 %&hellip;","_links":{"self":[{"href":"https:\/\/mayralapaz.com\/index.php\/wp-json\/wp\/v2\/pages\/2985","targetHints":{"allow":["GET"]}}],"collection":[{"href":"https:\/\/mayralapaz.com\/index.php\/wp-json\/wp\/v2\/pages"}],"about":[{"href":"https:\/\/mayralapaz.com\/index.php\/wp-json\/wp\/v2\/types\/page"}],"author":[{"embeddable":true,"href":"https:\/\/mayralapaz.com\/index.php\/wp-json\/wp\/v2\/users\/1"}],"replies":[{"embeddable":true,"href":"https:\/\/mayralapaz.com\/index.php\/wp-json\/wp\/v2\/comments?post=2985"}],"version-history":[{"count":38,"href":"https:\/\/mayralapaz.com\/index.php\/wp-json\/wp\/v2\/pages\/2985\/revisions"}],"predecessor-version":[{"id":5642,"href":"https:\/\/mayralapaz.com\/index.php\/wp-json\/wp\/v2\/pages\/2985\/revisions\/5642"}],"wp:attachment":[{"href":"https:\/\/mayralapaz.com\/index.php\/wp-json\/wp\/v2\/media?parent=2985"}],"curies":[{"name":"wp","href":"https:\/\/api.w.org\/{rel}","templated":true}]}}